{"id":2541,"date":"2023-06-14T15:09:51","date_gmt":"2023-06-14T18:09:51","guid":{"rendered":"https:\/\/atividademapa.com\/?post_type=product&#038;p=2541"},"modified":"2025-04-26T22:24:19","modified_gmt":"2025-04-27T01:24:19","slug":"mapa-politicas-educacionais-e-organizacao-da-educacao-basica","status":"publish","type":"product","link":"https:\/\/atividademapa.com\/?product=mapa-politicas-educacionais-e-organizacao-da-educacao-basica","title":{"rendered":"MAPA Pol\u00edticas Educacionais e Organiza\u00e7\u00e3o da Educa\u00e7\u00e3o B\u00e1sica 51\/2025"},"content":{"rendered":"<p>A Base Nacional Comum Curricular (BNCC) est\u00e1 sendo discutida constantemente desde a sua elabora\u00e7\u00e3o. Voc\u00ea acredita que ela seja significativa na melhoria do processo de ensino e de aprendizagem em nossas escolas?<\/p>\n<p>Para pensar nessa problem\u00e1tica, \u00e9 preciso saber que a BNCC \u00e9 um documento da Educa\u00e7\u00e3o B\u00e1sica que norteia a elabora\u00e7\u00e3o dos curr\u00edculos escolares, com os conte\u00fados m\u00ednimos para cada \u00e1rea do conhecimento e, tamb\u00e9m, as compet\u00eancias e habilidades que os alunos precisam desenvolver ao fim de cada ano ou etapa.<\/p>\n<p>A fim de ter uma experi\u00eancia com tal documento, oriento que fa\u00e7a a leitura da BNCC (2018), sobretudo da Introdu\u00e7\u00e3o (p. 7-21), com foco nas Compet\u00eancias gerais da Educa\u00e7\u00e3o B\u00e1sica; bem como das Compet\u00eancias espec\u00edficas da sua \u00e1rea de conhecimento, que se apresentam nas p\u00e1ginas referentes \u00e0 etapa do Ensino Fundamental (p. 65, 87, 198, 223, 246, 267, 324, 357 e 402) ou do Ensino M\u00e9dio (p. 481, 523, 539 e 558).<\/p>\n<p>Ap\u00f3s a leitura, reflita sobre o papel do professor na implementa\u00e7\u00e3o dessas compet\u00eancias no contexto educacional atual.<\/p>\n<p>Sua atividade MAPA consiste em:<br \/>\nElaborar uma sequ\u00eancia did\u00e1tica que desenvolva as seguintes compet\u00eancias gerais da BNCC:<br \/>\na) Exercitar a curiosidade intelectual e recorrer \u00e0 abordagem pr\u00f3pria das ci\u00eancias, incluindo a investiga\u00e7\u00e3o, a reflex\u00e3o, a an\u00e1lise cr\u00edtica, a imagina\u00e7\u00e3o e a criatividade, para investigar causas, elaborar e testar hip\u00f3teses, formular e resolver problemas e criar solu\u00e7\u00f5es (inclusive tecnol\u00f3gicas) com base nos conhecimentos das diferentes \u00e1reas.<br \/>\nb) Compreender, utilizar e criar tecnologias digitais de informa\u00e7\u00e3o e comunica\u00e7\u00e3o de forma cr\u00edtica, significativa, reflexiva e \u00e9tica nas diversas pr\u00e1ticas sociais (incluindo as escolares) para se comunicar, acessar e disseminar informa\u00e7\u00f5es, produzir conhecimentos, resolver problemas e exercer protagonismo e autoria na vida pessoal e coletiva.<\/p>\n<p>No Formul\u00e1rio MAPA, inclua os seguintes itens:<br \/>\nUma Compet\u00eancia Espec\u00edfica da \u00e1rea de conhecimento do Ensino Fundamental ou do Ensino M\u00e9dio.<\/p>\n<p>O objetivo da atividade.<\/p>\n<p>A dura\u00e7\u00e3o da proposta: Indicar entre 3 e 10 dias.<\/p>\n<p>Como ser\u00e1 aplicado na aula (passo a passo).<\/p>\n<p>Os recursos necess\u00e1rios.<\/p>\n<p>Como ser\u00e1 avaliado o desenvolvimento das compet\u00eancias trabalhadas.<\/p>\n<p>Redija as informa\u00e7\u00f5es solicitadas entre 1 e 1,5 laudas no Word.<br \/>\nArgumenta\u00e7\u00e3o cient\u00edfica: Explique, em 10 a 15 linhas, como a BNCC influencia positivamente a qualidade da Educa\u00e7\u00e3o B\u00e1sica na atualidade e os impactos pr\u00e1ticos dessa influ\u00eancia, com base na atividade que voc\u00ea elaborou. Inclua uma cita\u00e7\u00e3o indireta (parafraseada) fundamentada em material de estudo.<\/p>\n<p>Refer\u00eancias: Apresente a refer\u00eancia completa do texto utilizado para fundamentar sua argumenta\u00e7\u00e3o, conforme as normas da ABNT.<\/p>\n<p>REFER\u00caNCIA<br \/>\nBRASIL. Minist\u00e9rio da Educa\u00e7\u00e3o. Base Nacional Comum Curricular: Educa\u00e7\u00e3o \u00e9 a base. Bras\u00edlia, DF: MEC, 2018. Dispon\u00edvel em: https:\/\/www.gov.br\/mec\/pt-br\/escola-em-tempo-integral\/BNCC_EI_EF_110518_versaofinal.pdf. Acesso em: 2 jan. 2025.<br \/>\nBRASIL. Minist\u00e9rio da Educa\u00e7\u00e3o. Base Nacional Comum Curricular: Educa\u00e7\u00e3o \u00e9 a base. Ensino M\u00e9dio. Bras\u00edlia, DF: MEC, 2024. Dispon\u00edvel em: https:\/\/www.gov.br\/mec\/pt-br\/cne\/bncc_ensino_medio.pdf. Acesso em: 2 jan. 2025.<\/p>\n","protected":false},"excerpt":{"rendered":"<p>A Base Nacional Comum Curricular (BNCC) est\u00e1 sendo discutida constantemente desde a sua elabora\u00e7\u00e3o. Voc\u00ea acredita que ela seja significativa<\/p>\n","protected":false},"featured_media":2326,"template":"","meta":{"_monsterinsights_skip_tracking":false,"_monsterinsights_sitenote_active":false,"_monsterinsights_sitenote_note":"","_monsterinsights_sitenote_category":0},"product_brand":[],"product_cat":[42],"product_tag":[],"class_list":{"0":"post-2541","1":"product","2":"type-product","3":"status-publish","4":"has-post-thumbnail","6":"product_cat-educacao-fisica","8":"first","9":"instock","10":"downloadable","11":"virtual","12":"purchasable","13":"product-type-simple"},"yoast_head":"<!-- This site is optimized with the Yoast SEO plugin v27.4 - https:\/\/yoast.com\/product\/yoast-seo-wordpress\/ -->\n<title>MAPA Pol\u00edticas Educacionais e Organiza\u00e7\u00e3o da Educa\u00e7\u00e3o B\u00e1sica 51\/2025<\/title>\n<meta name=\"description\" content=\"Unicesumar &#8902; Atividade MAPA Pol\u00edticas Educacionais e Organiza\u00e7\u00e3o da Educa\u00e7\u00e3o B\u00e1sica 51\/2025 51\/2025Censo da Educa\u00e7\u00e3o\" \/>\n<meta name=\"robots\" content=\"index, follow, max-snippet:-1, max-image-preview:large, max-video-preview:-1\" \/>\n<link rel=\"canonical\" href=\"https:\/\/atividademapa.com\/?product=mapa-politicas-educacionais-e-organizacao-da-educacao-basica\" \/>\n<meta property=\"og:locale\" content=\"pt_BR\" \/>\n<meta property=\"og:type\" content=\"article\" \/>\n<meta property=\"og:title\" content=\"MAPA Pol\u00edticas Educacionais e Organiza\u00e7\u00e3o da Educa\u00e7\u00e3o B\u00e1sica 51\/2025\" \/>\n<meta property=\"og:description\" content=\"Unicesumar &#8902; Atividade MAPA Pol\u00edticas Educacionais e Organiza\u00e7\u00e3o da Educa\u00e7\u00e3o B\u00e1sica 51\/2025 51\/2025Censo da Educa\u00e7\u00e3o\" \/>\n<meta property=\"og:url\" content=\"https:\/\/atividademapa.com\/?product=mapa-politicas-educacionais-e-organizacao-da-educacao-basica\" \/>\n<meta property=\"og:site_name\" content=\"Atividade Mapa\" \/>\n<meta property=\"article:modified_time\" content=\"2025-04-27T01:24:19+00:00\" \/>\n<meta property=\"og:image\" content=\"https:\/\/i0.wp.com\/atividademapa.com\/wp-content\/uploads\/2023\/03\/Atividade-M.A.P.A-3.png?fit=300%2C300&ssl=1\" \/>\n\t<meta property=\"og:image:width\" content=\"300\" \/>\n\t<meta property=\"og:image:height\" content=\"300\" \/>\n\t<meta property=\"og:image:type\" content=\"image\/png\" \/>\n<meta name=\"twitter:card\" content=\"summary_large_image\" \/>\n<meta name=\"twitter:label1\" content=\"Est. tempo de leitura\" \/>\n\t<meta name=\"twitter:data1\" content=\"3 minutos\" \/>\n<script type=\"application\/ld+json\" class=\"yoast-schema-graph\">{\"@context\":\"https:\\\/\\\/schema.org\",\"@graph\":[{\"@type\":\"WebPage\",\"@id\":\"https:\\\/\\\/atividademapa.com\\\/?product=mapa-politicas-educacionais-e-organizacao-da-educacao-basica\",\"url\":\"https:\\\/\\\/atividademapa.com\\\/?product=mapa-politicas-educacionais-e-organizacao-da-educacao-basica\",\"name\":\"MAPA Pol\u00edticas Educacionais e Organiza\u00e7\u00e3o da Educa\u00e7\u00e3o B\u00e1sica 51\\\/2025\",\"isPartOf\":{\"@id\":\"https:\\\/\\\/atividademapa.com\\\/#website\"},\"primaryImageOfPage\":{\"@id\":\"https:\\\/\\\/atividademapa.com\\\/?product=mapa-politicas-educacionais-e-organizacao-da-educacao-basica#primaryimage\"},\"image\":{\"@id\":\"https:\\\/\\\/atividademapa.com\\\/?product=mapa-politicas-educacionais-e-organizacao-da-educacao-basica#primaryimage\"},\"thumbnailUrl\":\"https:\\\/\\\/i0.wp.com\\\/atividademapa.com\\\/wp-content\\\/uploads\\\/2023\\\/03\\\/Atividade-M.A.P.A-3.png?fit=300%2C300&ssl=1\",\"datePublished\":\"2023-06-14T18:09:51+00:00\",\"dateModified\":\"2025-04-27T01:24:19+00:00\",\"description\":\"Unicesumar &#8902; Atividade MAPA Pol\u00edticas Educacionais e Organiza\u00e7\u00e3o da Educa\u00e7\u00e3o B\u00e1sica 51\\\/2025 51\\\/2025Censo da Educa\u00e7\u00e3o\",\"breadcrumb\":{\"@id\":\"https:\\\/\\\/atividademapa.com\\\/?product=mapa-politicas-educacionais-e-organizacao-da-educacao-basica#breadcrumb\"},\"inLanguage\":\"pt-BR\",\"potentialAction\":[{\"@type\":\"ReadAction\",\"target\":[\"https:\\\/\\\/atividademapa.com\\\/?product=mapa-politicas-educacionais-e-organizacao-da-educacao-basica\"]}]},{\"@type\":\"ImageObject\",\"inLanguage\":\"pt-BR\",\"@id\":\"https:\\\/\\\/atividademapa.com\\\/?product=mapa-politicas-educacionais-e-organizacao-da-educacao-basica#primaryimage\",\"url\":\"https:\\\/\\\/i0.wp.com\\\/atividademapa.com\\\/wp-content\\\/uploads\\\/2023\\\/03\\\/Atividade-M.A.P.A-3.png?fit=300%2C300&ssl=1\",\"contentUrl\":\"https:\\\/\\\/i0.wp.com\\\/atividademapa.com\\\/wp-content\\\/uploads\\\/2023\\\/03\\\/Atividade-M.A.P.A-3.png?fit=300%2C300&ssl=1\",\"width\":300,\"height\":300,\"caption\":\"Mapa Unicesumar Atividade\"},{\"@type\":\"BreadcrumbList\",\"@id\":\"https:\\\/\\\/atividademapa.com\\\/?product=mapa-politicas-educacionais-e-organizacao-da-educacao-basica#breadcrumb\",\"itemListElement\":[{\"@type\":\"ListItem\",\"position\":1,\"name\":\"In\u00edcio\",\"item\":\"https:\\\/\\\/atividademapa.com\\\/\"},{\"@type\":\"ListItem\",\"position\":2,\"name\":\"MAPAS\",\"item\":\"https:\\\/\\\/atividademapa.com\\\/?page_id=5\"},{\"@type\":\"ListItem\",\"position\":3,\"name\":\"MAPA Pol\u00edticas Educacionais e Organiza\u00e7\u00e3o da Educa\u00e7\u00e3o B\u00e1sica 51\\\/2025\"}]},{\"@type\":\"WebSite\",\"@id\":\"https:\\\/\\\/atividademapa.com\\\/#website\",\"url\":\"https:\\\/\\\/atividademapa.com\\\/\",\"name\":\"Atividade Mapa\",\"description\":\"StudeO | Unicesumar\",\"publisher\":{\"@id\":\"https:\\\/\\\/atividademapa.com\\\/#organization\"},\"potentialAction\":[{\"@type\":\"SearchAction\",\"target\":{\"@type\":\"EntryPoint\",\"urlTemplate\":\"https:\\\/\\\/atividademapa.com\\\/?s={search_term_string}\"},\"query-input\":{\"@type\":\"PropertyValueSpecification\",\"valueRequired\":true,\"valueName\":\"search_term_string\"}}],\"inLanguage\":\"pt-BR\"},{\"@type\":\"Organization\",\"@id\":\"https:\\\/\\\/atividademapa.com\\\/#organization\",\"name\":\"Atividade MAPA\",\"url\":\"https:\\\/\\\/atividademapa.com\\\/\",\"logo\":{\"@type\":\"ImageObject\",\"inLanguage\":\"pt-BR\",\"@id\":\"https:\\\/\\\/atividademapa.com\\\/#\\\/schema\\\/logo\\\/image\\\/\",\"url\":\"https:\\\/\\\/i0.wp.com\\\/atividademapa.com\\\/wp-content\\\/uploads\\\/2023\\\/02\\\/ATIVIDADE.png?fit=600%2C300&ssl=1\",\"contentUrl\":\"https:\\\/\\\/i0.wp.com\\\/atividademapa.com\\\/wp-content\\\/uploads\\\/2023\\\/02\\\/ATIVIDADE.png?fit=600%2C300&ssl=1\",\"width\":600,\"height\":300,\"caption\":\"Atividade MAPA\"},\"image\":{\"@id\":\"https:\\\/\\\/atividademapa.com\\\/#\\\/schema\\\/logo\\\/image\\\/\"}}]}<\/script>\n<!-- \/ Yoast SEO plugin. -->","yoast_head_json":{"title":"MAPA Pol\u00edticas Educacionais e Organiza\u00e7\u00e3o da Educa\u00e7\u00e3o B\u00e1sica 51\/2025","description":"Unicesumar &#8902; Atividade MAPA Pol\u00edticas Educacionais e Organiza\u00e7\u00e3o da Educa\u00e7\u00e3o B\u00e1sica 51\/2025 51\/2025Censo da Educa\u00e7\u00e3o","robots":{"index":"index","follow":"follow","max-snippet":"max-snippet:-1","max-image-preview":"max-image-preview:large","max-video-preview":"max-video-preview:-1"},"canonical":"https:\/\/atividademapa.com\/?product=mapa-politicas-educacionais-e-organizacao-da-educacao-basica","og_locale":"pt_BR","og_type":"article","og_title":"MAPA Pol\u00edticas Educacionais e Organiza\u00e7\u00e3o da Educa\u00e7\u00e3o B\u00e1sica 51\/2025","og_description":"Unicesumar &#8902; Atividade MAPA Pol\u00edticas Educacionais e Organiza\u00e7\u00e3o da Educa\u00e7\u00e3o B\u00e1sica 51\/2025 51\/2025Censo da Educa\u00e7\u00e3o","og_url":"https:\/\/atividademapa.com\/?product=mapa-politicas-educacionais-e-organizacao-da-educacao-basica","og_site_name":"Atividade Mapa","article_modified_time":"2025-04-27T01:24:19+00:00","og_image":[{"width":300,"height":300,"url":"https:\/\/i0.wp.com\/atividademapa.com\/wp-content\/uploads\/2023\/03\/Atividade-M.A.P.A-3.png?fit=300%2C300&ssl=1","type":"image\/png"}],"twitter_card":"summary_large_image","twitter_misc":{"Est. tempo de leitura":"3 minutos"},"schema":{"@context":"https:\/\/schema.org","@graph":[{"@type":"WebPage","@id":"https:\/\/atividademapa.com\/?product=mapa-politicas-educacionais-e-organizacao-da-educacao-basica","url":"https:\/\/atividademapa.com\/?product=mapa-politicas-educacionais-e-organizacao-da-educacao-basica","name":"MAPA Pol\u00edticas Educacionais e Organiza\u00e7\u00e3o da Educa\u00e7\u00e3o B\u00e1sica 51\/2025","isPartOf":{"@id":"https:\/\/atividademapa.com\/#website"},"primaryImageOfPage":{"@id":"https:\/\/atividademapa.com\/?product=mapa-politicas-educacionais-e-organizacao-da-educacao-basica#primaryimage"},"image":{"@id":"https:\/\/atividademapa.com\/?product=mapa-politicas-educacionais-e-organizacao-da-educacao-basica#primaryimage"},"thumbnailUrl":"https:\/\/i0.wp.com\/atividademapa.com\/wp-content\/uploads\/2023\/03\/Atividade-M.A.P.A-3.png?fit=300%2C300&ssl=1","datePublished":"2023-06-14T18:09:51+00:00","dateModified":"2025-04-27T01:24:19+00:00","description":"Unicesumar &#8902; Atividade MAPA Pol\u00edticas Educacionais e Organiza\u00e7\u00e3o da Educa\u00e7\u00e3o B\u00e1sica 51\/2025 51\/2025Censo da Educa\u00e7\u00e3o","breadcrumb":{"@id":"https:\/\/atividademapa.com\/?product=mapa-politicas-educacionais-e-organizacao-da-educacao-basica#breadcrumb"},"inLanguage":"pt-BR","potentialAction":[{"@type":"ReadAction","target":["https:\/\/atividademapa.com\/?product=mapa-politicas-educacionais-e-organizacao-da-educacao-basica"]}]},{"@type":"ImageObject","inLanguage":"pt-BR","@id":"https:\/\/atividademapa.com\/?product=mapa-politicas-educacionais-e-organizacao-da-educacao-basica#primaryimage","url":"https:\/\/i0.wp.com\/atividademapa.com\/wp-content\/uploads\/2023\/03\/Atividade-M.A.P.A-3.png?fit=300%2C300&ssl=1","contentUrl":"https:\/\/i0.wp.com\/atividademapa.com\/wp-content\/uploads\/2023\/03\/Atividade-M.A.P.A-3.png?fit=300%2C300&ssl=1","width":300,"height":300,"caption":"Mapa Unicesumar Atividade"},{"@type":"BreadcrumbList","@id":"https:\/\/atividademapa.com\/?product=mapa-politicas-educacionais-e-organizacao-da-educacao-basica#breadcrumb","itemListElement":[{"@type":"ListItem","position":1,"name":"In\u00edcio","item":"https:\/\/atividademapa.com\/"},{"@type":"ListItem","position":2,"name":"MAPAS","item":"https:\/\/atividademapa.com\/?page_id=5"},{"@type":"ListItem","position":3,"name":"MAPA Pol\u00edticas Educacionais e Organiza\u00e7\u00e3o da Educa\u00e7\u00e3o B\u00e1sica 51\/2025"}]},{"@type":"WebSite","@id":"https:\/\/atividademapa.com\/#website","url":"https:\/\/atividademapa.com\/","name":"Atividade Mapa","description":"StudeO | Unicesumar","publisher":{"@id":"https:\/\/atividademapa.com\/#organization"},"potentialAction":[{"@type":"SearchAction","target":{"@type":"EntryPoint","urlTemplate":"https:\/\/atividademapa.com\/?s={search_term_string}"},"query-input":{"@type":"PropertyValueSpecification","valueRequired":true,"valueName":"search_term_string"}}],"inLanguage":"pt-BR"},{"@type":"Organization","@id":"https:\/\/atividademapa.com\/#organization","name":"Atividade MAPA","url":"https:\/\/atividademapa.com\/","logo":{"@type":"ImageObject","inLanguage":"pt-BR","@id":"https:\/\/atividademapa.com\/#\/schema\/logo\/image\/","url":"https:\/\/i0.wp.com\/atividademapa.com\/wp-content\/uploads\/2023\/02\/ATIVIDADE.png?fit=600%2C300&ssl=1","contentUrl":"https:\/\/i0.wp.com\/atividademapa.com\/wp-content\/uploads\/2023\/02\/ATIVIDADE.png?fit=600%2C300&ssl=1","width":600,"height":300,"caption":"Atividade MAPA"},"image":{"@id":"https:\/\/atividademapa.com\/#\/schema\/logo\/image\/"}}]}},"_links":{"self":[{"href":"https:\/\/atividademapa.com\/index.php?rest_route=\/wp\/v2\/product\/2541","targetHints":{"allow":["GET"]}}],"collection":[{"href":"https:\/\/atividademapa.com\/index.php?rest_route=\/wp\/v2\/product"}],"about":[{"href":"https:\/\/atividademapa.com\/index.php?rest_route=\/wp\/v2\/types\/product"}],"version-history":[{"count":3,"href":"https:\/\/atividademapa.com\/index.php?rest_route=\/wp\/v2\/product\/2541\/revisions"}],"predecessor-version":[{"id":5636,"href":"https:\/\/atividademapa.com\/index.php?rest_route=\/wp\/v2\/product\/2541\/revisions\/5636"}],"wp:featuredmedia":[{"embeddable":true,"href":"https:\/\/atividademapa.com\/index.php?rest_route=\/wp\/v2\/media\/2326"}],"wp:attachment":[{"href":"https:\/\/atividademapa.com\/index.php?rest_route=%2Fwp%2Fv2%2Fmedia&parent=2541"}],"wp:term":[{"taxonomy":"product_brand","embeddable":true,"href":"https:\/\/atividademapa.com\/index.php?rest_route=%2Fwp%2Fv2%2Fproduct_brand&post=2541"},{"taxonomy":"product_cat","embeddable":true,"href":"https:\/\/atividademapa.com\/index.php?rest_route=%2Fwp%2Fv2%2Fproduct_cat&post=2541"},{"taxonomy":"product_tag","embeddable":true,"href":"https:\/\/atividademapa.com\/index.php?rest_route=%2Fwp%2Fv2%2Fproduct_tag&post=2541"}],"curies":[{"name":"wp","href":"https:\/\/api.w.org\/{rel}","templated":true}]}}