{"id":2550,"date":"2023-06-14T19:44:38","date_gmt":"2023-06-14T22:44:38","guid":{"rendered":"https:\/\/atividademapa.com\/?post_type=product&#038;p=2550"},"modified":"2023-06-22T19:44:13","modified_gmt":"2023-06-22T22:44:13","slug":"mapa-sub-saude-coletiva-51-2023","status":"publish","type":"product","link":"https:\/\/atividademapa.com\/?product=mapa-sub-saude-coletiva-51-2023","title":{"rendered":"MAPA SUB &#8211; SA\u00daDE COLETIVA &#8211; 51\/2023"},"content":{"rendered":"<p>MAPA SUB &#8211; SA\u00daDE COLETIVA &#8211; 51\/2023<\/p>\n<p>CARO(A) ALUNO(A),<\/p>\n<p>Seja bem-vindo(a) \u00e0 atividade MAPA (Material de Avalia\u00e7\u00e3o Pr\u00e1tica de Aprendizagem) SUB da disciplina de Sa\u00fade Coletiva!<\/p>\n<p>Instru\u00e7\u00f5es iniciais: utilize o modelo de MAPA SUB padr\u00e3o para realizar esta atividade. Ele se encontra em &#8220;Material da Disciplina&#8221;. Siga todas as instru\u00e7\u00f5es constantes nesse modelo.<\/p>\n<p>O Sistema \u00danico de Sa\u00fade (SUS) \u00e9 &#8220;inspirado em valores como igualdade, democracia e emancipa\u00e7\u00e3o, o SUS est\u00e1 inserido na Constitui\u00e7\u00e3o, na legisla\u00e7\u00e3o ordin\u00e1ria e em normas t\u00e9cnicas e administrativas&#8221;. Para operacionalizar o sistema no Brasil, empreendeu-se &#8220;a descentraliza\u00e7\u00e3o de atribui\u00e7\u00f5es e de recursos, ampliando a oferta e o acesso aos servi\u00e7os e a\u00e7\u00f5es, com impacto nos n\u00edveis de sa\u00fade. Essa diretriz constitucional, com comando \u00fanico em cada esfera de governo, foi implementada em menos de uma d\u00e9cada para 27 unidades da federa\u00e7\u00e3o e quase 5.600 munic\u00edpios, garantindo a participa\u00e7\u00e3o da comunidade atrav\u00e9s de confer\u00eancias e conselhos, bem como criando inst\u00e2ncias de pactua\u00e7\u00e3o, a exemplo das comiss\u00f5es intergestoras tripartite e bipartite. Esse processo de constru\u00e7\u00e3o do SUS tem gerado entusiasmo e compromisso de trabalhadores da sa\u00fade vinculados \u00e0s secretarias e ao Minist\u00e9rio, apesar das limita\u00e7\u00f5es impostas pela gest\u00e3o do trabalho nas tr\u00eas esferas de governo que geram insatisfa\u00e7\u00f5es nos servi\u00e7os p\u00fablicos&#8221;.<\/p>\n<p>Fonte: https:\/\/www.scielo.br\/j\/csc\/a\/Qg7SJFjWPjvdQjvnRzxS6Mg\/?format=pdf&amp;lang=pt. Acesso em: 14 abr. 2023.<\/p>\n<p>Neste cen\u00e1rio, o sistema de sa\u00fade, a partir do levantamento das reais necessidades da popula\u00e7\u00e3o, criou as pol\u00edticas p\u00fablicas, as quais devem elaborar planos de a\u00e7\u00e3o com o objetivo de minimizar e\/ou resolver os problemas da sociedade. Para tornar poss\u00edvel a organiza\u00e7\u00e3o das a\u00e7\u00f5es, as pol\u00edticas p\u00fablicas de sa\u00fade est\u00e3o separadas de acordo com o seu p\u00fablico-alvo: mulher, crian\u00e7a, adulto e idoso, popula\u00e7\u00f5es vulner\u00e1veis e sa\u00fade mental e outras. Sobre as pol\u00edticas pulicas de sa\u00fade, responda as quest\u00f5es a seguir:<\/p>\n<p>Quest\u00e3o 1<br \/>\nEm 2004, foi elaborada a Pol\u00edtica Nacional de Aten\u00e7\u00e3o Integral \u00e0 Sa\u00fade da Mulher (PNAISM), a fim de atender \u00e0s reais necessidades das mulheres brasileiras e, nesse sentido, reduzir \u00edndices de morbidade e mortalidade por causas evit\u00e1veis. APRESENTE 10 a\u00e7\u00f5es estrat\u00e9gicas do PNAISM.<\/p>\n<p>Quest\u00e3o 2<br \/>\nPercebe-se que, ao longo da hist\u00f3ria, as pol\u00edticas p\u00fablicas de sa\u00fade voltadas \u00e0 crian\u00e7a foram se transformando, adequando-se tanto ao papel social exercido pela crian\u00e7a como ao perfil epidemiol\u00f3gico e \u00e0s demandas de sa\u00fade de cada \u00e9poca. Devido ao n\u00famero significativo de nascimentos prematuros e com baixo peso, em 2020, o Minist\u00e9rio da Sa\u00fade lan\u00e7ou o M\u00e9todo M\u00e3e Canguru \u2014 Aten\u00e7\u00e3o Humanizada ao Rec\u00e9m-nascido de Baixo Peso. EVIDENCIE a vantagem do uso desse m\u00e9todo.<\/p>\n<p>Quest\u00e3o 3<br \/>\n&#8220;Atualmente, o Brasil encontra-se em processo de transi\u00e7\u00e3o demogr\u00e1fica e epidemiol\u00f3gica, causado pelo aumento do n\u00famero de idosos em rela\u00e7\u00e3o \u00e0s demais faixas et\u00e1rias. Esse processo ocasiona o fen\u00f4meno do envelhecimento populacional e, consequentemente, est\u00e1 associado a maior preval\u00eancia de doen\u00e7as cr\u00f4nicas n\u00e3o-transmiss\u00edveis (DCNT) em detrimento de doen\u00e7as agudas&#8221;.<\/p>\n<p>Fonte: https:\/\/www.scielo.br\/j\/csc\/a\/97LpXcVCCNwFdZyCLMDPXGd\/?format=pdf&amp;lang=pt. Acesso em: 14 abr. 2023.<\/p>\n<p>Sobre as DCNT, responda as quest\u00f5es:<\/p>\n<p>a) O Plano de A\u00e7\u00f5es Estrat\u00e9gicas para o Enfrentamento das Doen\u00e7as Cr\u00f4nicas N\u00e3o Transmiss\u00edveis (DCNT) 2011\u20132022 foi elaborado considerando a dimens\u00e3o das doen\u00e7as cr\u00f4nicas n\u00e3o transmiss\u00edveis (DCNT) no territ\u00f3rio brasileiro. INDIQUE os principais grupos de DCNT que fazem parte desse plano.<br \/>\nb) ENUMERE os fatores de risco modific\u00e1veis e em comum para as DCNT.<\/p>\n<p>Quest\u00e3o 4<br \/>\nO termo \u201cenvelhecimento ativo\u201d passou a ser utilizado no final dos anos 90 com o intuito de expandir os fatores que afetam o envelhecimento para al\u00e9m da sa\u00fade. As pol\u00edticas p\u00fablicas passaram, ent\u00e3o, a pensar em a\u00e7\u00f5es que abordassem a alimenta\u00e7\u00e3o saud\u00e1vel, pr\u00e1tica de atividade f\u00edsica, combate \u00e0s situa\u00e7\u00f5es de viol\u00eancia familiar e urbana, redu\u00e7\u00e3o do consumo do tabaco e \u00e1lcool etc. Em outubro de 2006, \u00e9 aprovada a Pol\u00edtica Nacional de Sa\u00fade da Pessoa Idosa (PNSPI). APRESENTE a finalidade principal dessa pol\u00edtica.<\/p>\n","protected":false},"excerpt":{"rendered":"<p>MAPA SUB &#8211; SA\u00daDE COLETIVA &#8211; 51\/2023 CARO(A) ALUNO(A), Seja bem-vindo(a) \u00e0 atividade MAPA (Material de Avalia\u00e7\u00e3o Pr\u00e1tica de Aprendizagem)<\/p>\n","protected":false},"featured_media":2326,"template":"","meta":{"_monsterinsights_skip_tracking":false,"_monsterinsights_sitenote_active":false,"_monsterinsights_sitenote_note":"","_monsterinsights_sitenote_category":0},"product_brand":[],"product_cat":[58,99],"product_tag":[],"class_list":{"0":"post-2550","1":"product","2":"type-product","3":"status-publish","4":"has-post-thumbnail","6":"product_cat-biomedicina","7":"product_cat-saude","9":"first","10":"instock","11":"downloadable","12":"virtual","13":"purchasable","14":"product-type-simple"},"yoast_head":"<!-- This site is optimized with the Yoast SEO plugin v27.4 - https:\/\/yoast.com\/product\/yoast-seo-wordpress\/ -->\n<title>MAPA SUB - SA\u00daDE COLETIVA - 51\/2023<\/title>\n<meta name=\"description\" content=\"Unicesumar &#8902; Atividade MAPA SUB - SA\u00daDE COLETIVA - 51\/2023 - Material de Avalia\u00e7\u00e3o Pr\u00e1tica de Aprendizagem SUB da disciplina de Sa\u00fade Coletiva!\" \/>\n<meta name=\"robots\" content=\"index, follow, max-snippet:-1, max-image-preview:large, max-video-preview:-1\" \/>\n<link rel=\"canonical\" href=\"https:\/\/atividademapa.com\/?product=mapa-sub-saude-coletiva-51-2023\" \/>\n<meta property=\"og:locale\" content=\"pt_BR\" \/>\n<meta property=\"og:type\" content=\"article\" \/>\n<meta property=\"og:title\" content=\"MAPA SUB - SA\u00daDE COLETIVA - 51\/2023\" \/>\n<meta property=\"og:description\" content=\"Unicesumar &#8902; Atividade MAPA SUB - SA\u00daDE COLETIVA - 51\/2023 - Material de Avalia\u00e7\u00e3o Pr\u00e1tica de Aprendizagem SUB da disciplina de Sa\u00fade Coletiva!\" \/>\n<meta property=\"og:url\" content=\"https:\/\/atividademapa.com\/?product=mapa-sub-saude-coletiva-51-2023\" \/>\n<meta property=\"og:site_name\" content=\"Atividade Mapa\" \/>\n<meta property=\"article:modified_time\" content=\"2023-06-22T22:44:13+00:00\" \/>\n<meta property=\"og:image\" content=\"https:\/\/i0.wp.com\/atividademapa.com\/wp-content\/uploads\/2023\/03\/Atividade-M.A.P.A-3.png?fit=300%2C300&ssl=1\" \/>\n\t<meta property=\"og:image:width\" content=\"300\" \/>\n\t<meta property=\"og:image:height\" content=\"300\" \/>\n\t<meta property=\"og:image:type\" content=\"image\/png\" \/>\n<meta name=\"twitter:card\" content=\"summary_large_image\" \/>\n<meta name=\"twitter:label1\" content=\"Est. tempo de leitura\" \/>\n\t<meta name=\"twitter:data1\" content=\"4 minutos\" \/>\n<script type=\"application\/ld+json\" class=\"yoast-schema-graph\">{\"@context\":\"https:\\\/\\\/schema.org\",\"@graph\":[{\"@type\":\"WebPage\",\"@id\":\"https:\\\/\\\/atividademapa.com\\\/?product=mapa-sub-saude-coletiva-51-2023\",\"url\":\"https:\\\/\\\/atividademapa.com\\\/?product=mapa-sub-saude-coletiva-51-2023\",\"name\":\"MAPA SUB - SA\u00daDE COLETIVA - 51\\\/2023\",\"isPartOf\":{\"@id\":\"https:\\\/\\\/atividademapa.com\\\/#website\"},\"primaryImageOfPage\":{\"@id\":\"https:\\\/\\\/atividademapa.com\\\/?product=mapa-sub-saude-coletiva-51-2023#primaryimage\"},\"image\":{\"@id\":\"https:\\\/\\\/atividademapa.com\\\/?product=mapa-sub-saude-coletiva-51-2023#primaryimage\"},\"thumbnailUrl\":\"https:\\\/\\\/i0.wp.com\\\/atividademapa.com\\\/wp-content\\\/uploads\\\/2023\\\/03\\\/Atividade-M.A.P.A-3.png?fit=300%2C300&ssl=1\",\"datePublished\":\"2023-06-14T22:44:38+00:00\",\"dateModified\":\"2023-06-22T22:44:13+00:00\",\"description\":\"Unicesumar &#8902; Atividade MAPA SUB - SA\u00daDE COLETIVA - 51\\\/2023 - Material de Avalia\u00e7\u00e3o Pr\u00e1tica de Aprendizagem SUB da disciplina de Sa\u00fade Coletiva!\",\"breadcrumb\":{\"@id\":\"https:\\\/\\\/atividademapa.com\\\/?product=mapa-sub-saude-coletiva-51-2023#breadcrumb\"},\"inLanguage\":\"pt-BR\",\"potentialAction\":[{\"@type\":\"ReadAction\",\"target\":[\"https:\\\/\\\/atividademapa.com\\\/?product=mapa-sub-saude-coletiva-51-2023\"]}]},{\"@type\":\"ImageObject\",\"inLanguage\":\"pt-BR\",\"@id\":\"https:\\\/\\\/atividademapa.com\\\/?product=mapa-sub-saude-coletiva-51-2023#primaryimage\",\"url\":\"https:\\\/\\\/i0.wp.com\\\/atividademapa.com\\\/wp-content\\\/uploads\\\/2023\\\/03\\\/Atividade-M.A.P.A-3.png?fit=300%2C300&ssl=1\",\"contentUrl\":\"https:\\\/\\\/i0.wp.com\\\/atividademapa.com\\\/wp-content\\\/uploads\\\/2023\\\/03\\\/Atividade-M.A.P.A-3.png?fit=300%2C300&ssl=1\",\"width\":300,\"height\":300,\"caption\":\"Mapa Unicesumar Atividade\"},{\"@type\":\"BreadcrumbList\",\"@id\":\"https:\\\/\\\/atividademapa.com\\\/?product=mapa-sub-saude-coletiva-51-2023#breadcrumb\",\"itemListElement\":[{\"@type\":\"ListItem\",\"position\":1,\"name\":\"In\u00edcio\",\"item\":\"https:\\\/\\\/atividademapa.com\\\/\"},{\"@type\":\"ListItem\",\"position\":2,\"name\":\"MAPAS\",\"item\":\"https:\\\/\\\/atividademapa.com\\\/?page_id=5\"},{\"@type\":\"ListItem\",\"position\":3,\"name\":\"MAPA SUB &#8211; SA\u00daDE COLETIVA &#8211; 51\\\/2023\"}]},{\"@type\":\"WebSite\",\"@id\":\"https:\\\/\\\/atividademapa.com\\\/#website\",\"url\":\"https:\\\/\\\/atividademapa.com\\\/\",\"name\":\"Atividade Mapa\",\"description\":\"StudeO | Unicesumar\",\"publisher\":{\"@id\":\"https:\\\/\\\/atividademapa.com\\\/#organization\"},\"potentialAction\":[{\"@type\":\"SearchAction\",\"target\":{\"@type\":\"EntryPoint\",\"urlTemplate\":\"https:\\\/\\\/atividademapa.com\\\/?s={search_term_string}\"},\"query-input\":{\"@type\":\"PropertyValueSpecification\",\"valueRequired\":true,\"valueName\":\"search_term_string\"}}],\"inLanguage\":\"pt-BR\"},{\"@type\":\"Organization\",\"@id\":\"https:\\\/\\\/atividademapa.com\\\/#organization\",\"name\":\"Atividade MAPA\",\"url\":\"https:\\\/\\\/atividademapa.com\\\/\",\"logo\":{\"@type\":\"ImageObject\",\"inLanguage\":\"pt-BR\",\"@id\":\"https:\\\/\\\/atividademapa.com\\\/#\\\/schema\\\/logo\\\/image\\\/\",\"url\":\"https:\\\/\\\/i0.wp.com\\\/atividademapa.com\\\/wp-content\\\/uploads\\\/2023\\\/02\\\/ATIVIDADE.png?fit=600%2C300&ssl=1\",\"contentUrl\":\"https:\\\/\\\/i0.wp.com\\\/atividademapa.com\\\/wp-content\\\/uploads\\\/2023\\\/02\\\/ATIVIDADE.png?fit=600%2C300&ssl=1\",\"width\":600,\"height\":300,\"caption\":\"Atividade MAPA\"},\"image\":{\"@id\":\"https:\\\/\\\/atividademapa.com\\\/#\\\/schema\\\/logo\\\/image\\\/\"}}]}<\/script>\n<!-- \/ Yoast SEO plugin. -->","yoast_head_json":{"title":"MAPA SUB - SA\u00daDE COLETIVA - 51\/2023","description":"Unicesumar &#8902; Atividade MAPA SUB - SA\u00daDE COLETIVA - 51\/2023 - Material de Avalia\u00e7\u00e3o Pr\u00e1tica de Aprendizagem SUB da disciplina de Sa\u00fade Coletiva!","robots":{"index":"index","follow":"follow","max-snippet":"max-snippet:-1","max-image-preview":"max-image-preview:large","max-video-preview":"max-video-preview:-1"},"canonical":"https:\/\/atividademapa.com\/?product=mapa-sub-saude-coletiva-51-2023","og_locale":"pt_BR","og_type":"article","og_title":"MAPA SUB - SA\u00daDE COLETIVA - 51\/2023","og_description":"Unicesumar &#8902; Atividade MAPA SUB - SA\u00daDE COLETIVA - 51\/2023 - Material de Avalia\u00e7\u00e3o Pr\u00e1tica de Aprendizagem SUB da disciplina de Sa\u00fade Coletiva!","og_url":"https:\/\/atividademapa.com\/?product=mapa-sub-saude-coletiva-51-2023","og_site_name":"Atividade Mapa","article_modified_time":"2023-06-22T22:44:13+00:00","og_image":[{"width":300,"height":300,"url":"https:\/\/i0.wp.com\/atividademapa.com\/wp-content\/uploads\/2023\/03\/Atividade-M.A.P.A-3.png?fit=300%2C300&ssl=1","type":"image\/png"}],"twitter_card":"summary_large_image","twitter_misc":{"Est. tempo de leitura":"4 minutos"},"schema":{"@context":"https:\/\/schema.org","@graph":[{"@type":"WebPage","@id":"https:\/\/atividademapa.com\/?product=mapa-sub-saude-coletiva-51-2023","url":"https:\/\/atividademapa.com\/?product=mapa-sub-saude-coletiva-51-2023","name":"MAPA SUB - SA\u00daDE COLETIVA - 51\/2023","isPartOf":{"@id":"https:\/\/atividademapa.com\/#website"},"primaryImageOfPage":{"@id":"https:\/\/atividademapa.com\/?product=mapa-sub-saude-coletiva-51-2023#primaryimage"},"image":{"@id":"https:\/\/atividademapa.com\/?product=mapa-sub-saude-coletiva-51-2023#primaryimage"},"thumbnailUrl":"https:\/\/i0.wp.com\/atividademapa.com\/wp-content\/uploads\/2023\/03\/Atividade-M.A.P.A-3.png?fit=300%2C300&ssl=1","datePublished":"2023-06-14T22:44:38+00:00","dateModified":"2023-06-22T22:44:13+00:00","description":"Unicesumar &#8902; Atividade MAPA SUB - SA\u00daDE COLETIVA - 51\/2023 - Material de Avalia\u00e7\u00e3o Pr\u00e1tica de Aprendizagem SUB da disciplina de Sa\u00fade Coletiva!","breadcrumb":{"@id":"https:\/\/atividademapa.com\/?product=mapa-sub-saude-coletiva-51-2023#breadcrumb"},"inLanguage":"pt-BR","potentialAction":[{"@type":"ReadAction","target":["https:\/\/atividademapa.com\/?product=mapa-sub-saude-coletiva-51-2023"]}]},{"@type":"ImageObject","inLanguage":"pt-BR","@id":"https:\/\/atividademapa.com\/?product=mapa-sub-saude-coletiva-51-2023#primaryimage","url":"https:\/\/i0.wp.com\/atividademapa.com\/wp-content\/uploads\/2023\/03\/Atividade-M.A.P.A-3.png?fit=300%2C300&ssl=1","contentUrl":"https:\/\/i0.wp.com\/atividademapa.com\/wp-content\/uploads\/2023\/03\/Atividade-M.A.P.A-3.png?fit=300%2C300&ssl=1","width":300,"height":300,"caption":"Mapa Unicesumar Atividade"},{"@type":"BreadcrumbList","@id":"https:\/\/atividademapa.com\/?product=mapa-sub-saude-coletiva-51-2023#breadcrumb","itemListElement":[{"@type":"ListItem","position":1,"name":"In\u00edcio","item":"https:\/\/atividademapa.com\/"},{"@type":"ListItem","position":2,"name":"MAPAS","item":"https:\/\/atividademapa.com\/?page_id=5"},{"@type":"ListItem","position":3,"name":"MAPA SUB &#8211; SA\u00daDE COLETIVA &#8211; 51\/2023"}]},{"@type":"WebSite","@id":"https:\/\/atividademapa.com\/#website","url":"https:\/\/atividademapa.com\/","name":"Atividade Mapa","description":"StudeO | Unicesumar","publisher":{"@id":"https:\/\/atividademapa.com\/#organization"},"potentialAction":[{"@type":"SearchAction","target":{"@type":"EntryPoint","urlTemplate":"https:\/\/atividademapa.com\/?s={search_term_string}"},"query-input":{"@type":"PropertyValueSpecification","valueRequired":true,"valueName":"search_term_string"}}],"inLanguage":"pt-BR"},{"@type":"Organization","@id":"https:\/\/atividademapa.com\/#organization","name":"Atividade MAPA","url":"https:\/\/atividademapa.com\/","logo":{"@type":"ImageObject","inLanguage":"pt-BR","@id":"https:\/\/atividademapa.com\/#\/schema\/logo\/image\/","url":"https:\/\/i0.wp.com\/atividademapa.com\/wp-content\/uploads\/2023\/02\/ATIVIDADE.png?fit=600%2C300&ssl=1","contentUrl":"https:\/\/i0.wp.com\/atividademapa.com\/wp-content\/uploads\/2023\/02\/ATIVIDADE.png?fit=600%2C300&ssl=1","width":600,"height":300,"caption":"Atividade MAPA"},"image":{"@id":"https:\/\/atividademapa.com\/#\/schema\/logo\/image\/"}}]}},"_links":{"self":[{"href":"https:\/\/atividademapa.com\/index.php?rest_route=\/wp\/v2\/product\/2550","targetHints":{"allow":["GET"]}}],"collection":[{"href":"https:\/\/atividademapa.com\/index.php?rest_route=\/wp\/v2\/product"}],"about":[{"href":"https:\/\/atividademapa.com\/index.php?rest_route=\/wp\/v2\/types\/product"}],"version-history":[{"count":1,"href":"https:\/\/atividademapa.com\/index.php?rest_route=\/wp\/v2\/product\/2550\/revisions"}],"predecessor-version":[{"id":2553,"href":"https:\/\/atividademapa.com\/index.php?rest_route=\/wp\/v2\/product\/2550\/revisions\/2553"}],"wp:featuredmedia":[{"embeddable":true,"href":"https:\/\/atividademapa.com\/index.php?rest_route=\/wp\/v2\/media\/2326"}],"wp:attachment":[{"href":"https:\/\/atividademapa.com\/index.php?rest_route=%2Fwp%2Fv2%2Fmedia&parent=2550"}],"wp:term":[{"taxonomy":"product_brand","embeddable":true,"href":"https:\/\/atividademapa.com\/index.php?rest_route=%2Fwp%2Fv2%2Fproduct_brand&post=2550"},{"taxonomy":"product_cat","embeddable":true,"href":"https:\/\/atividademapa.com\/index.php?rest_route=%2Fwp%2Fv2%2Fproduct_cat&post=2550"},{"taxonomy":"product_tag","embeddable":true,"href":"https:\/\/atividademapa.com\/index.php?rest_route=%2Fwp%2Fv2%2Fproduct_tag&post=2550"}],"curies":[{"name":"wp","href":"https:\/\/api.w.org\/{rel}","templated":true}]}}